{"id":36,"date":"2019-12-23T15:18:38","date_gmt":"2019-12-23T15:18:38","guid":{"rendered":"http:\/\/urbanicom.de\/?page_id=36"},"modified":"2019-12-23T15:18:38","modified_gmt":"2019-12-23T15:18:38","slug":"geschaeftsfuehrung","status":"publish","type":"page","link":"https:\/\/urbanicom.de\/?page_id=36","title":{"rendered":"Gesch\u00e4ftsf\u00fchrung"},"content":{"rendered":"\n<p><strong>Michael Reink<\/strong><\/p>\n\n\n\n<p>hat als urbanicom-Vorstandsmitglied im Mai 2012 die Funktion des Gesch\u00e4ftsf\u00fchrers \u00fcbernommen.<\/p>\n\n\n\n<p>Michael Reink ist langj\u00e4hriges Vorstandsmitglied von Urbanicom und \nverantwortet beim Handelsverband Deutschland e.V. (HDE), in dessen \nR\u00e4umen urbanicom ans\u00e4ssig ist, den Bereich \u201eStandort- und \nVerkehrspolitik\u201c.<\/p>\n\n\n\n<p>Kontakt:<\/p>\n\n\n\n<p>Telefon: 030 72 62 50-24<br>\nTelefax: 030 72 62 51-24<br>\nE-Mail:&nbsp;&nbsp; <a href=\"mailto:reink@hde.de\">reink@hde.de<\/a><\/p>\n","protected":false},"excerpt":{"rendered":"<p>Michael Reink hat als urbanicom-Vorstandsmitglied im Mai 2012 die Funktion des Gesch\u00e4ftsf\u00fchrers \u00fcbernommen. Michael Reink ist langj\u00e4hriges Vorstandsmitglied von Urbanicom und verantwortet beim Handelsverband Deutschland e.V. (HDE), in dessen R\u00e4umen urbanicom ans\u00e4ssig ist, den Bereich \u201eStandort- und Verkehrspolitik\u201c. Kontakt: Telefon: &hellip; <a href=\"https:\/\/urbanicom.de\/?page_id=36\">Weiterlesen <span class=\"meta-nav\">&rarr;<\/span><\/a><\/p>\n","protected":false},"author":1,"featured_media":0,"parent":0,"menu_order":0,"comment_status":"closed","ping_status":"closed","template":"","meta":{"footnotes":""},"class_list":["post-36","page","type-page","status-publish","hentry"],"_links":{"self":[{"href":"https:\/\/urbanicom.de\/index.php?rest_route=\/wp\/v2\/pages\/36"}],"collection":[{"href":"https:\/\/urbanicom.de\/index.php?rest_route=\/wp\/v2\/pages"}],"about":[{"href":"https:\/\/urbanicom.de\/index.php?rest_route=\/wp\/v2\/types\/page"}],"author":[{"embeddable":true,"href":"https:\/\/urbanicom.de\/index.php?rest_route=\/wp\/v2\/users\/1"}],"replies":[{"embeddable":true,"href":"https:\/\/urbanicom.de\/index.php?rest_route=%2Fwp%2Fv2%2Fcomments&post=36"}],"version-history":[{"count":1,"href":"https:\/\/urbanicom.de\/index.php?rest_route=\/wp\/v2\/pages\/36\/revisions"}],"predecessor-version":[{"id":37,"href":"https:\/\/urbanicom.de\/index.php?rest_route=\/wp\/v2\/pages\/36\/revisions\/37"}],"wp:attachment":[{"href":"https:\/\/urbanicom.de\/index.php?rest_route=%2Fwp%2Fv2%2Fmedia&parent=36"}],"curies":[{"name":"wp","href":"https:\/\/api.w.org\/{rel}","templated":true}]}}