{"id":54,"date":"2019-12-23T15:33:29","date_gmt":"2019-12-23T15:33:29","guid":{"rendered":"http:\/\/urbanicom.de\/?page_id=54"},"modified":"2020-01-03T08:48:39","modified_gmt":"2020-01-03T08:48:39","slug":"impressum","status":"publish","type":"page","link":"https:\/\/urbanicom.de\/?page_id=54","title":{"rendered":"Impressum"},"content":{"rendered":"\n<h2 class=\"wp-block-heading\">Impressum      <\/h2>\n\n\n\n<p>urbanicom<br>Deutscher Verein f\u00fcr Stadtentwicklung und Handel e.V.<br><br>c\/o Handelsverband Deutschland e.V. (HDE)<br>Am Weidendamm 1 A<br>10117 Berlin<br><br>Vereinsregister Amtgericht K\u00f6ln VR 12107<br><br>Telefon: 030 72 62 50-25<br>Telefax: 030 72 62 51-25<br>E-Mail:&nbsp;&nbsp;&nbsp; <a href=\"mailto:info@urbanicom.de\">info@urbanicom.de<\/a><br>Web:&nbsp;&nbsp;&nbsp;&nbsp; <a href=\"http:\/\/www.urbanicom.de\">www.urbanicom.de<\/a><br><br><br><br>Verantwortlich f\u00fcr den Inhalt:<br><br>Michael Reink<br>Gesch\u00e4ftsf\u00fchrendes Vorstandsmitglied<br><br><br><\/p>\n\n\n\n<p><strong>Nutzungshinweise: <\/strong><br> Eine \nunerlaubte Verwendung, Reproduktion, Weitergabe, Ver\u00f6ffentlichungen oder\n eine kommerzielle Nutzung ohne Genehmigung des Urhebers der auf dieser \nWebsite befindlichen Inhalte ist untersagt und wird sowohl straf- als \nauch zivilrechtlich verfolgt! <br> <br> Eine Haftung f\u00fcr die \nRichtigkeit, Vollst\u00e4ndigkeit oder Aktualit\u00e4t der hier dargestellten \nInhalte kann nicht \u00fcbernommen werden! Wir \u00fcbernehmen in keinem Fall eine\n Haftung f\u00fcr Sch\u00e4den, die durch den Gebrauch dieser Website entstehen! <br> <br> <strong>Wichtiger Hinweis zu allen Links:<\/strong><br>\n Mit Urteil vom 12. Mai 1998 &#8211; 312 O 85\/98 &#8211; &#8222;Haftung f\u00fcr Links&#8220; hat das\n Landgericht (LG) Hamburg entschieden, dass man durch die Anbringung \neines Links, die Inhalte der gelinkten Seite ggf. mit zu verantworten \nhat. Dies kann &#8211; so das LG &#8211; nur dadurch verhindert werden, dass man \nsich ausdr\u00fccklich von diesen Inhalten distanziert. <br> <br> <strong>Erkl\u00e4rung von urbanicom e.V.:<\/strong> <br>\n Hiermit distanziert sich der Verein urbanicom e.V. &nbsp;ausdr\u00fccklich von \nden Inhalten aller gelinkten Seiten in diesem Internetangebot und macht \nsich diese Inhalte nicht zu eigen. Diese Erkl\u00e4rung gilt f\u00fcr alle auf \ndieser Website angebrachten Links. F\u00fcr den Inhalt der verlinkten Seiten \nsind ausschlie\u00dflich deren Betreiber verantwortlich.<\/p>\n\n\n\n<p>                                           02. Januar 2020                                                                <\/p>\n","protected":false},"excerpt":{"rendered":"<p>Impressum urbanicomDeutscher Verein f\u00fcr Stadtentwicklung und Handel e.V. c\/o Handelsverband Deutschland e.V. (HDE)Am Weidendamm 1 A10117 Berlin Vereinsregister Amtgericht K\u00f6ln VR 12107 Telefon: 030 72 62 50-25Telefax: 030 72 62 51-25E-Mail:&nbsp;&nbsp;&nbsp; info@urbanicom.deWeb:&nbsp;&nbsp;&nbsp;&nbsp; www.urbanicom.de Verantwortlich f\u00fcr den Inhalt: Michael ReinkGesch\u00e4ftsf\u00fchrendes Vorstandsmitglied &hellip; <a href=\"https:\/\/urbanicom.de\/?page_id=54\">Weiterlesen <span class=\"meta-nav\">&rarr;<\/span><\/a><\/p>\n","protected":false},"author":1,"featured_media":0,"parent":0,"menu_order":0,"comment_status":"closed","ping_status":"closed","template":"","meta":{"footnotes":""},"class_list":["post-54","page","type-page","status-publish","hentry"],"_links":{"self":[{"href":"https:\/\/urbanicom.de\/index.php?rest_route=\/wp\/v2\/pages\/54"}],"collection":[{"href":"https:\/\/urbanicom.de\/index.php?rest_route=\/wp\/v2\/pages"}],"about":[{"href":"https:\/\/urbanicom.de\/index.php?rest_route=\/wp\/v2\/types\/page"}],"author":[{"embeddable":true,"href":"https:\/\/urbanicom.de\/index.php?rest_route=\/wp\/v2\/users\/1"}],"replies":[{"embeddable":true,"href":"https:\/\/urbanicom.de\/index.php?rest_route=%2Fwp%2Fv2%2Fcomments&post=54"}],"version-history":[{"count":3,"href":"https:\/\/urbanicom.de\/index.php?rest_route=\/wp\/v2\/pages\/54\/revisions"}],"predecessor-version":[{"id":132,"href":"https:\/\/urbanicom.de\/index.php?rest_route=\/wp\/v2\/pages\/54\/revisions\/132"}],"wp:attachment":[{"href":"https:\/\/urbanicom.de\/index.php?rest_route=%2Fwp%2Fv2%2Fmedia&parent=54"}],"curies":[{"name":"wp","href":"https:\/\/api.w.org\/{rel}","templated":true}]}}